{"id":629,"date":"2025-01-27T13:33:46","date_gmt":"2025-01-27T12:33:46","guid":{"rendered":"https:\/\/abire.es\/nuevaweb\/?page_id=629"},"modified":"2025-12-29T13:02:03","modified_gmt":"2025-12-29T12:02:03","slug":"politica-de-privacidad","status":"publish","type":"page","link":"https:\/\/abire.es\/nuevaweb\/politica-de-privacidad\/","title":{"rendered":"Pol\u00edtica de Privacidad"},"content":{"rendered":"\t\t<div data-elementor-type=\"wp-page\" data-elementor-id=\"629\" class=\"elementor elementor-629\" data-elementor-post-type=\"page\">\n\t\t\t\t<div class=\"elementor-element elementor-element-59965be5 e-flex e-con-boxed e-con e-parent\" data-id=\"59965be5\" data-element_type=\"container\">\n\t\t\t\t\t<div class=\"e-con-inner\">\n\t\t<div class=\"elementor-element elementor-element-4a9a0c42 e-con-full e-flex elementor-invisible e-con e-child\" data-id=\"4a9a0c42\" data-element_type=\"container\" data-settings=\"{&quot;animation&quot;:&quot;fadeIn&quot;,&quot;animation_delay&quot;:200}\">\n\t\t\t\t<div class=\"elementor-element elementor-element-3762db2b elementor-widget elementor-widget-heading\" data-id=\"3762db2b\" data-element_type=\"widget\" data-widget_type=\"heading.default\">\n\t\t\t\t<div class=\"elementor-widget-container\">\n\t\t\t\t\t<h3 class=\"elementor-heading-title elementor-size-default\">Pol\u00edtica de Privacidad<\/h3>\t\t\t\t<\/div>\n\t\t\t\t<\/div>\n\t\t\t\t<\/div>\n\t\t\t\t\t<\/div>\n\t\t\t\t<\/div>\n\t\t<div class=\"elementor-element elementor-element-07682ec e-flex e-con-boxed e-con e-parent\" data-id=\"07682ec\" data-element_type=\"container\">\n\t\t\t\t\t<div class=\"e-con-inner\">\n\t\t<div class=\"elementor-element elementor-element-8a0e702 e-con-full e-flex elementor-invisible e-con e-child\" data-id=\"8a0e702\" data-element_type=\"container\" data-settings=\"{&quot;animation&quot;:&quot;fadeIn&quot;,&quot;animation_delay&quot;:200}\">\n\t\t\t\t<div class=\"elementor-element elementor-element-32ec277 elementor-widget elementor-widget-heading\" data-id=\"32ec277\" data-element_type=\"widget\" data-widget_type=\"heading.default\">\n\t\t\t\t<div class=\"elementor-widget-container\">\n\t\t\t\t\t<h3 class=\"elementor-heading-title elementor-size-default\">\u00bfQui\u00e9n es el responsable del tratamiento de tus datos?<\/h3>\t\t\t\t<\/div>\n\t\t\t\t<\/div>\n\t\t\t\t<div class=\"elementor-element elementor-element-aec3642 elementor-widget elementor-widget-text-editor\" data-id=\"aec3642\" data-element_type=\"widget\" data-widget_type=\"text-editor.default\">\n\t\t\t\t<div class=\"elementor-widget-container\">\n\t\t\t\t\t\t\t\t\t<p>Identidad: Abire Asesores y Consultores en Formaci\u00f3n s.l<\/p><p>Registro Mercantil: M\u00e1laga.<\/p><p>Inscripci\u00f3n: Hoja MA-112546, tomo 4980, folio 133<\/p><p>CIF: B93170504<\/p><p>Domicilio: Calle El Efebo 6. 29200 Antequera. Malaga<\/p><p>Tel\u00e9fono: 951080170<\/p><p>E-mail: info@abire.es<\/p>\t\t\t\t\t\t\t\t<\/div>\n\t\t\t\t<\/div>\n\t\t\t\t<\/div>\n\t\t\t\t\t<\/div>\n\t\t\t\t<\/div>\n\t\t<div class=\"elementor-element elementor-element-f538520 e-flex e-con-boxed e-con e-parent\" data-id=\"f538520\" data-element_type=\"container\">\n\t\t\t\t\t<div class=\"e-con-inner\">\n\t\t<div class=\"elementor-element elementor-element-e7b16c0 e-con-full e-flex elementor-invisible e-con e-child\" data-id=\"e7b16c0\" data-element_type=\"container\" data-settings=\"{&quot;animation&quot;:&quot;fadeIn&quot;,&quot;animation_delay&quot;:200}\">\n\t\t\t\t<div class=\"elementor-element elementor-element-00f12a2 elementor-widget elementor-widget-heading\" data-id=\"00f12a2\" data-element_type=\"widget\" data-widget_type=\"heading.default\">\n\t\t\t\t<div class=\"elementor-widget-container\">\n\t\t\t\t\t<h3 class=\"elementor-heading-title elementor-size-default\">\u00bfCon qu\u00e9 finalidad tratamos tus datos personales?<\/h3>\t\t\t\t<\/div>\n\t\t\t\t<\/div>\n\t\t\t\t<div class=\"elementor-element elementor-element-5d170f7 elementor-widget elementor-widget-text-editor\" data-id=\"5d170f7\" data-element_type=\"widget\" data-widget_type=\"text-editor.default\">\n\t\t\t\t<div class=\"elementor-widget-container\">\n\t\t\t\t\t\t\t\t\t<p>Los datos facilitados se utilizaran para las siguientes finalidades:<\/p><ul><li>Proporcionarles informaci\u00f3n relacionada con las acciones formativas y servicios de ense\u00f1anza que ofrece nuestro centro, esta informaci\u00f3n incluir\u00e1 ofertas, descuentos, becas, informaci\u00f3n comercial u otras cuestiones que consideremos de su inter\u00e9s y la podr\u00e1 recibir por diversas v\u00edas, especialmente tel\u00e9fono y correo electr\u00f3nico.<\/li><li>Atender sus solicitudes y consultas.<\/li><li>Gesti\u00f3n de Servicios Contratados<\/li><li>Enviarle nuestra newsletters con las publicaciones y novedades acerca de nuestra entidad y sus servicios.<\/li><\/ul>\t\t\t\t\t\t\t\t<\/div>\n\t\t\t\t<\/div>\n\t\t\t\t<\/div>\n\t\t\t\t\t<\/div>\n\t\t\t\t<\/div>\n\t\t<div class=\"elementor-element elementor-element-d8fdbd2 e-flex e-con-boxed e-con e-parent\" data-id=\"d8fdbd2\" data-element_type=\"container\">\n\t\t\t\t\t<div class=\"e-con-inner\">\n\t\t<div class=\"elementor-element elementor-element-7b3fed3 e-con-full e-flex elementor-invisible e-con e-child\" data-id=\"7b3fed3\" data-element_type=\"container\" data-settings=\"{&quot;animation&quot;:&quot;fadeIn&quot;,&quot;animation_delay&quot;:200}\">\n\t\t\t\t<div class=\"elementor-element elementor-element-ae51b41 elementor-widget elementor-widget-heading\" data-id=\"ae51b41\" data-element_type=\"widget\" data-widget_type=\"heading.default\">\n\t\t\t\t<div class=\"elementor-widget-container\">\n\t\t\t\t\t<h3 class=\"elementor-heading-title elementor-size-default\">\u00bfDurante cu\u00e1nto tiempo conservaremos tus datos?<\/h3>\t\t\t\t<\/div>\n\t\t\t\t<\/div>\n\t\t\t\t<div class=\"elementor-element elementor-element-d3fc200 elementor-widget elementor-widget-text-editor\" data-id=\"d3fc200\" data-element_type=\"widget\" data-widget_type=\"text-editor.default\">\n\t\t\t\t<div class=\"elementor-widget-container\">\n\t\t\t\t\t\t\t\t\t<p>En caso de contratar alg\u00fan producto o servicio los datos personales se conservar\u00e1n mientras se mantenga la relaci\u00f3n mercantil. Una vez finalizada, se mantendr\u00e1n durante el plazo de 5 a\u00f1os para poder hacer frente a posibles responsabilidades o requerimientos de las Administraciones P\u00fablicas.<\/p><p>Los datos personales facilitados para la realizaci\u00f3n de presupuestos o solicitud de informaci\u00f3n se mantendr\u00e1n hasta que no se solicite la supresi\u00f3n por escrito por parte del interesado.<\/p><p>\u00bfCu\u00e1l es la legitimaci\u00f3n para el tratamiento de tus datos?<\/p><p>La base legal para el tratamiento es la ejecuci\u00f3n del contrato de suscripci\u00f3n a nuestros productos o servicios. Deber\u00e1s facilitar la informaci\u00f3n necesaria para formalizar y documentar la relaci\u00f3n comercial y cumplir con las obligaciones legales.<\/p><p>El consentimiento por parte del usuario en su aceptaci\u00f3n de nuestras condiciones durante el proceso de cumplimentaci\u00f3n y env\u00edo del formulario de petici\u00f3n de informaci\u00f3n.<\/p>\t\t\t\t\t\t\t\t<\/div>\n\t\t\t\t<\/div>\n\t\t\t\t<\/div>\n\t\t\t\t\t<\/div>\n\t\t\t\t<\/div>\n\t\t<div class=\"elementor-element elementor-element-ea89253 e-flex e-con-boxed e-con e-parent\" data-id=\"ea89253\" data-element_type=\"container\">\n\t\t\t\t\t<div class=\"e-con-inner\">\n\t\t<div class=\"elementor-element elementor-element-9daee1a e-con-full e-flex elementor-invisible e-con e-child\" data-id=\"9daee1a\" data-element_type=\"container\" data-settings=\"{&quot;animation&quot;:&quot;fadeIn&quot;,&quot;animation_delay&quot;:200}\">\n\t\t\t\t<div class=\"elementor-element elementor-element-7a93b41 elementor-widget elementor-widget-heading\" data-id=\"7a93b41\" data-element_type=\"widget\" data-widget_type=\"heading.default\">\n\t\t\t\t<div class=\"elementor-widget-container\">\n\t\t\t\t\t<h3 class=\"elementor-heading-title elementor-size-default\">\u00bfA qu\u00e9 destinatarios se comunicar\u00e1n tus datos?<\/h3>\t\t\t\t<\/div>\n\t\t\t\t<\/div>\n\t\t\t\t<div class=\"elementor-element elementor-element-ab55429 elementor-widget elementor-widget-text-editor\" data-id=\"ab55429\" data-element_type=\"widget\" data-widget_type=\"text-editor.default\">\n\t\t\t\t<div class=\"elementor-widget-container\">\n\t\t\t\t\t\t\t\t\t<p>Los datos que facilites se utilizan estrictamente para mantener y gestionar nuestra relaci\u00f3n contractual o precontractual. Abire Asesores y Consultores en Formaci\u00f3n s.l no revelara la informaci\u00f3n personal que nos proporcione en este sitio web a terceros, salvo cuando la revelaci\u00f3n sea exigida por la legislaci\u00f3n vigente, por orden judicial, o por una autoridad competente, as\u00ed como cuando debe comunicar los datos indispensables por raz\u00f3n l\u00f3gica de la prestaci\u00f3n del servicio o bien se pida de forma expresa dando el usuario su consentimiento.\u00a0La legitimaci\u00f3n se realiza a trav\u00e9s del consentimiento del interesado. Los datos que facilita estar\u00e1n ubicados en los servidores de Mailchimp (proveedor de email marketing fuera de la UE en EEUU, acogido al acuerdo EU-US Privacy Shield).<\/p><p>\u00bfCu\u00e1les son tus derechos cuando nos facilitas tus datos?<\/p><ul><li>Tienes derecho a obtener confirmaci\u00f3n sobre si Abire Asesores y Consultores en Formaci\u00f3n s.l , estamos tratando datos personales que te conciernan, o no.<\/li><li>Como persona interesada tienes derecho a acceder a tus datos personales, as\u00ed como a solicitar la rectificaci\u00f3n de los datos inexactos o, en su caso, solicitar su supresi\u00f3n cuando, entre otros motivos, los datos ya no sean necesarios para los fines que fueron recogidos<\/li><li>En determinadas circunstancias, podr\u00e1s solicitar la limitaci\u00f3n del tratamiento de tus datos, en cuyo caso \u00fanicamente los conservaremos para el ejercicio o la defensa de reclamaciones<\/li><li>En determinadas circunstancias y por motivos relacionados con tu situaci\u00f3n particular, podr\u00e1s oponerte al tratamiento de tus datos. Abire Asesores y Consultores en Formaci\u00f3n s.l dejar\u00e1 de tratar los datos, salvo por motivos leg\u00edtimos imperiosos, o el ejercicio o la defensa de posibles reclamaciones.<\/li><li>El derecho a la portabilidad de los datos es una forma avanzada del derecho de acceso por el cual puedes solicitarnos copia de aquellos de tus datos personales que son objeto de tratamiento informatizado.<\/li><\/ul>\t\t\t\t\t\t\t\t<\/div>\n\t\t\t\t<\/div>\n\t\t\t\t<\/div>\n\t\t\t\t\t<\/div>\n\t\t\t\t<\/div>\n\t\t<div class=\"elementor-element elementor-element-957af4d e-flex e-con-boxed e-con e-parent\" data-id=\"957af4d\" data-element_type=\"container\">\n\t\t\t\t\t<div class=\"e-con-inner\">\n\t\t<div class=\"elementor-element elementor-element-bf2796f e-con-full e-flex elementor-invisible e-con e-child\" data-id=\"bf2796f\" data-element_type=\"container\" data-settings=\"{&quot;animation&quot;:&quot;fadeIn&quot;,&quot;animation_delay&quot;:200}\">\n\t\t\t\t<div class=\"elementor-element elementor-element-40dac4d elementor-widget elementor-widget-heading\" data-id=\"40dac4d\" data-element_type=\"widget\" data-widget_type=\"heading.default\">\n\t\t\t\t<div class=\"elementor-widget-container\">\n\t\t\t\t\t<h3 class=\"elementor-heading-title elementor-size-default\">\u00bfC\u00f3mo puedo ejercer mis derechos?<\/h3>\t\t\t\t<\/div>\n\t\t\t\t<\/div>\n\t\t\t\t<div class=\"elementor-element elementor-element-90737ed elementor-widget elementor-widget-text-editor\" data-id=\"90737ed\" data-element_type=\"widget\" data-widget_type=\"text-editor.default\">\n\t\t\t\t<div class=\"elementor-widget-container\">\n\t\t\t\t\t\t\t\t\t<p>Puedes hacerlo por dos v\u00edas distintas:<\/p><ul><li>Mandando un correo electr\u00f3nico a la direcci\u00f3n <a href=\"mailto:info@abire.es\">info@abire.es<\/a><\/li><li>Por correo postal a la direcci\u00f3n Calle El Efebo 6. 29200 Antequera. M\u00e1laga.<\/li><\/ul><p>\u00a0<\/p><p>En el primer caso te devolveremos un correo electr\u00f3nico que te permitir\u00e1 acreditar la fecha y contenido de la solicitud. En el segundo caso te remitiremos una carta a la direcci\u00f3n que hagas figurar en el remite.<\/p><p>Adjunta una copia de tu DNI u otro documento que acredite que realmente eres quien dice ser y rem\u00edtelo a Abire Asesores y Consultores en Formaci\u00f3n s.l.<\/p><p><strong>\u00bfD\u00f3nde puedo dirigirme si no estoy conforme?<\/strong><\/p><p>Puedes presentar una reclamaci\u00f3n ante la Agencia Espa\u00f1ola de Protecci\u00f3n de Datos, especialmente cuando no hayas obtenido satisfacci\u00f3n en el ejercicio de tus derechos.<\/p><p>Si deseas presentar una reclamaci\u00f3n ante la Agencia para que esta tutele tus derechos frente al Responsable, la Sede electr\u00f3nica de la Agencia te ofrece varias opciones para solicitarla.<\/p>\t\t\t\t\t\t\t\t<\/div>\n\t\t\t\t<\/div>\n\t\t\t\t<\/div>\n\t\t\t\t\t<\/div>\n\t\t\t\t<\/div>\n\t\t\t\t<\/div>\n\t\t","protected":false},"excerpt":{"rendered":"<p>Pol\u00edtica de Privacidad \u00bfQui\u00e9n es el responsable del tratamiento de tus datos? Identidad: Abire Asesores y Consultores en Formaci\u00f3n s.l Registro Mercantil: M\u00e1laga. Inscripci\u00f3n: Hoja MA-112546, tomo 4980, folio 133 CIF: B93170504 Domicilio: Calle El Efebo 6. 29200 Antequera. Malaga Tel\u00e9fono: 951080170 E-mail: info@abire.es \u00bfCon qu\u00e9 finalidad tratamos tus datos personales? Los datos facilitados se [&hellip;]<\/p>\n","protected":false},"author":1,"featured_media":0,"parent":0,"menu_order":0,"comment_status":"closed","ping_status":"closed","template":"","meta":{"footnotes":""},"class_list":["post-629","page","type-page","status-publish","hentry"],"_links":{"self":[{"href":"https:\/\/abire.es\/nuevaweb\/wp-json\/wp\/v2\/pages\/629","targetHints":{"allow":["GET"]}}],"collection":[{"href":"https:\/\/abire.es\/nuevaweb\/wp-json\/wp\/v2\/pages"}],"about":[{"href":"https:\/\/abire.es\/nuevaweb\/wp-json\/wp\/v2\/types\/page"}],"author":[{"embeddable":true,"href":"https:\/\/abire.es\/nuevaweb\/wp-json\/wp\/v2\/users\/1"}],"replies":[{"embeddable":true,"href":"https:\/\/abire.es\/nuevaweb\/wp-json\/wp\/v2\/comments?post=629"}],"version-history":[{"count":34,"href":"https:\/\/abire.es\/nuevaweb\/wp-json\/wp\/v2\/pages\/629\/revisions"}],"predecessor-version":[{"id":4157,"href":"https:\/\/abire.es\/nuevaweb\/wp-json\/wp\/v2\/pages\/629\/revisions\/4157"}],"wp:attachment":[{"href":"https:\/\/abire.es\/nuevaweb\/wp-json\/wp\/v2\/media?parent=629"}],"curies":[{"name":"wp","href":"https:\/\/api.w.org\/{rel}","templated":true}]}}