{"id":694,"date":"2025-01-27T13:52:28","date_gmt":"2025-01-27T12:52:28","guid":{"rendered":"https:\/\/abire.es\/nuevaweb\/?page_id=694"},"modified":"2025-12-30T11:42:32","modified_gmt":"2025-12-30T10:42:32","slug":"contrato-de-formacion-en-alternancia","status":"publish","type":"page","link":"https:\/\/abire.es\/nuevaweb\/contrato-de-formacion-en-alternancia\/","title":{"rendered":"Contrato de formaci\u00f3n en alternancia"},"content":{"rendered":"\t\t<div data-elementor-type=\"wp-page\" data-elementor-id=\"694\" class=\"elementor elementor-694\" data-elementor-post-type=\"page\">\n\t\t\t\t<div class=\"elementor-element elementor-element-7f8876a1 e-flex e-con-boxed e-con e-parent\" data-id=\"7f8876a1\" data-element_type=\"container\">\n\t\t\t\t\t<div class=\"e-con-inner\">\n\t\t\t\t<div class=\"elementor-element elementor-element-48f531f0 elementor-widget__width-inherit elementor-invisible elementor-widget elementor-widget-heading\" data-id=\"48f531f0\" data-element_type=\"widget\" data-settings=\"{&quot;_animation&quot;:&quot;fadeInUp&quot;}\" data-widget_type=\"heading.default\">\n\t\t\t\t<div class=\"elementor-widget-container\">\n\t\t\t\t\t<h2 class=\"elementor-heading-title elementor-size-default\">Contrato de formaci\u00f3n en alternancia<\/h2>\t\t\t\t<\/div>\n\t\t\t\t<\/div>\n\t\t\t\t<div class=\"elementor-element elementor-element-5eeaeed elementor-icon-list--layout-inline elementor-align-center elementor-widget__width-inherit elementor-list-item-link-full_width elementor-invisible elementor-widget elementor-widget-icon-list\" data-id=\"5eeaeed\" data-element_type=\"widget\" data-settings=\"{&quot;_animation&quot;:&quot;fadeInUp&quot;,&quot;_animation_delay&quot;:200}\" data-widget_type=\"icon-list.default\">\n\t\t\t\t<div class=\"elementor-widget-container\">\n\t\t\t\t\t\t\t<ul class=\"elementor-icon-list-items elementor-inline-items\">\n\t\t\t\t\t\t\t<li class=\"elementor-icon-list-item elementor-inline-item\">\n\t\t\t\t\t\t\t\t\t\t\t<a href=\"https:\/\/abire.es\/nuevaweb\/\">\n\n\t\t\t\t\t\t\t\t\t\t\t<span class=\"elementor-icon-list-text\">Home<\/span>\n\t\t\t\t\t\t\t\t\t\t\t<\/a>\n\t\t\t\t\t\t\t\t\t<\/li>\n\t\t\t\t\t\t\t\t<li class=\"elementor-icon-list-item elementor-inline-item\">\n\t\t\t\t\t\t\t\t\t\t\t<a href=\"#\">\n\n\t\t\t\t\t\t\t\t\t\t\t\t<span class=\"elementor-icon-list-icon\">\n\t\t\t\t\t\t\t<i aria-hidden=\"true\" class=\"icon icon-right-arrow\"><\/i>\t\t\t\t\t\t<\/span>\n\t\t\t\t\t\t\t\t\t\t<span class=\"elementor-icon-list-text\">Contrato de formaci\u00f3n en alternancia<\/span>\n\t\t\t\t\t\t\t\t\t\t\t<\/a>\n\t\t\t\t\t\t\t\t\t<\/li>\n\t\t\t\t\t\t<\/ul>\n\t\t\t\t\t\t<\/div>\n\t\t\t\t<\/div>\n\t\t\t\t<div class=\"elementor-element elementor-element-0f55c59 elementor-widget__width-initial elementor-align-center elementor-invisible elementor-widget elementor-widget-button\" data-id=\"0f55c59\" data-element_type=\"widget\" data-settings=\"{&quot;_animation&quot;:&quot;fadeInUp&quot;,&quot;_animation_delay&quot;:700}\" data-widget_type=\"button.default\">\n\t\t\t\t<div class=\"elementor-widget-container\">\n\t\t\t\t\t\t\t\t\t<div class=\"elementor-button-wrapper\">\n\t\t\t\t\t<a class=\"elementor-button elementor-button-link elementor-size-sm\" href=\"https:\/\/abire.es\/nuevaweb\/ocupaciones\/\">\n\t\t\t\t\t\t<span class=\"elementor-button-content-wrapper\">\n\t\t\t\t\t\t<span class=\"elementor-button-icon\">\n\t\t\t\t<i aria-hidden=\"true\" class=\"icon icon-right-arrow\"><\/i>\t\t\t<\/span>\n\t\t\t\t\t\t\t\t\t<span class=\"elementor-button-text\">Ocupaciones<\/span>\n\t\t\t\t\t<\/span>\n\t\t\t\t\t<\/a>\n\t\t\t\t<\/div>\n\t\t\t\t\t\t\t\t<\/div>\n\t\t\t\t<\/div>\n\t\t\t\t\t<\/div>\n\t\t\t\t<\/div>\n\t\t<div class=\"elementor-element elementor-element-78264ba1 e-flex e-con-boxed e-con e-parent\" data-id=\"78264ba1\" data-element_type=\"container\">\n\t\t\t\t\t<div class=\"e-con-inner\">\n\t\t<div class=\"elementor-element elementor-element-34404381 e-con-full e-flex elementor-invisible e-con e-child\" data-id=\"34404381\" data-element_type=\"container\" data-settings=\"{&quot;background_background&quot;:&quot;classic&quot;,&quot;animation&quot;:&quot;fadeIn&quot;}\">\n\t\t<div class=\"elementor-element elementor-element-2166dab7 e-con-full e-flex elementor-invisible e-con e-child\" data-id=\"2166dab7\" data-element_type=\"container\" data-settings=\"{&quot;background_background&quot;:&quot;classic&quot;,&quot;animation&quot;:&quot;fadeInUp&quot;,&quot;animation_delay&quot;:200}\">\n\t\t\t\t<div class=\"elementor-element elementor-element-439e9248 elementor-position-left elementor-vertical-align-middle elementor-widget elementor-widget-image-box\" data-id=\"439e9248\" data-element_type=\"widget\" data-widget_type=\"image-box.default\">\n\t\t\t\t<div class=\"elementor-widget-container\">\n\t\t\t\t\t<div class=\"elementor-image-box-wrapper\"><figure class=\"elementor-image-box-img\"><img fetchpriority=\"high\" decoding=\"async\" width=\"1001\" height=\"1000\" src=\"https:\/\/abire.es\/nuevaweb\/wp-content\/uploads\/2024\/11\/awardicon3.png\" class=\"attachment-full size-full wp-image-42\" alt=\"\" srcset=\"https:\/\/abire.es\/nuevaweb\/wp-content\/uploads\/2024\/11\/awardicon3.png 1001w, https:\/\/abire.es\/nuevaweb\/wp-content\/uploads\/2024\/11\/awardicon3-300x300.png 300w, https:\/\/abire.es\/nuevaweb\/wp-content\/uploads\/2024\/11\/awardicon3-150x150.png 150w, https:\/\/abire.es\/nuevaweb\/wp-content\/uploads\/2024\/11\/awardicon3-768x767.png 768w\" sizes=\"(max-width: 1001px) 100vw, 1001px\" \/><\/figure><div class=\"elementor-image-box-content\"><h3 class=\"elementor-image-box-title\">Econ\u00f3mico<\/h3><p class=\"elementor-image-box-description\">Bonificaciones en Seguridad Social<\/p><\/div><\/div>\t\t\t\t<\/div>\n\t\t\t\t<\/div>\n\t\t\t\t<\/div>\n\t\t<div class=\"elementor-element elementor-element-3a6d5a89 e-con-full e-flex elementor-invisible e-con e-child\" data-id=\"3a6d5a89\" data-element_type=\"container\" data-settings=\"{&quot;background_background&quot;:&quot;classic&quot;,&quot;animation&quot;:&quot;fadeInUp&quot;,&quot;animation_delay&quot;:400}\">\n\t\t\t\t<div class=\"elementor-element elementor-element-10d4a4dd elementor-position-left elementor-vertical-align-middle elementor-widget elementor-widget-image-box\" data-id=\"10d4a4dd\" data-element_type=\"widget\" data-widget_type=\"image-box.default\">\n\t\t\t\t<div class=\"elementor-widget-container\">\n\t\t\t\t\t<div class=\"elementor-image-box-wrapper\"><figure class=\"elementor-image-box-img\"><img decoding=\"async\" width=\"1000\" height=\"1000\" src=\"https:\/\/abire.es\/nuevaweb\/wp-content\/uploads\/2024\/11\/awardicon1.png\" class=\"attachment-full size-full wp-image-43\" alt=\"\" srcset=\"https:\/\/abire.es\/nuevaweb\/wp-content\/uploads\/2024\/11\/awardicon1.png 1000w, https:\/\/abire.es\/nuevaweb\/wp-content\/uploads\/2024\/11\/awardicon1-300x300.png 300w, https:\/\/abire.es\/nuevaweb\/wp-content\/uploads\/2024\/11\/awardicon1-150x150.png 150w, https:\/\/abire.es\/nuevaweb\/wp-content\/uploads\/2024\/11\/awardicon1-768x768.png 768w\" sizes=\"(max-width: 1000px) 100vw, 1000px\" \/><\/figure><div class=\"elementor-image-box-content\"><h3 class=\"elementor-image-box-title\">Sin esperas<\/h3><p class=\"elementor-image-box-description\">Alta e incorporaci\u00f3n inmediata<\/p><\/div><\/div>\t\t\t\t<\/div>\n\t\t\t\t<\/div>\n\t\t\t\t<\/div>\n\t\t<div class=\"elementor-element elementor-element-ea88bcf e-con-full e-flex elementor-invisible e-con e-child\" data-id=\"ea88bcf\" data-element_type=\"container\" data-settings=\"{&quot;background_background&quot;:&quot;classic&quot;,&quot;animation&quot;:&quot;fadeInUp&quot;,&quot;animation_delay&quot;:600}\">\n\t\t\t\t<div class=\"elementor-element elementor-element-4bb69059 elementor-position-left elementor-vertical-align-middle elementor-widget elementor-widget-image-box\" data-id=\"4bb69059\" data-element_type=\"widget\" data-widget_type=\"image-box.default\">\n\t\t\t\t<div class=\"elementor-widget-container\">\n\t\t\t\t\t<div class=\"elementor-image-box-wrapper\"><figure class=\"elementor-image-box-img\"><img decoding=\"async\" width=\"1001\" height=\"1000\" src=\"https:\/\/abire.es\/nuevaweb\/wp-content\/uploads\/2024\/11\/awardicon2.png\" class=\"attachment-full size-full wp-image-44\" alt=\"\" srcset=\"https:\/\/abire.es\/nuevaweb\/wp-content\/uploads\/2024\/11\/awardicon2.png 1001w, https:\/\/abire.es\/nuevaweb\/wp-content\/uploads\/2024\/11\/awardicon2-300x300.png 300w, https:\/\/abire.es\/nuevaweb\/wp-content\/uploads\/2024\/11\/awardicon2-150x150.png 150w, https:\/\/abire.es\/nuevaweb\/wp-content\/uploads\/2024\/11\/awardicon2-768x767.png 768w\" sizes=\"(max-width: 1001px) 100vw, 1001px\" \/><\/figure><div class=\"elementor-image-box-content\"><h3 class=\"elementor-image-box-title\">Online<\/h3><p class=\"elementor-image-box-description\">Sin desplazamientos a centros presenciales<\/p><\/div><\/div>\t\t\t\t<\/div>\n\t\t\t\t<\/div>\n\t\t\t\t<\/div>\n\t\t\t\t<\/div>\n\t\t<div class=\"elementor-element elementor-element-226feb13 e-con-full e-flex e-con e-child\" data-id=\"226feb13\" data-element_type=\"container\">\n\t\t\t\t<div class=\"elementor-element elementor-element-2f406755 elementor-widget__width-inherit elementor-invisible elementor-widget elementor-widget-text-editor\" data-id=\"2f406755\" data-element_type=\"widget\" data-settings=\"{&quot;_animation&quot;:&quot;fadeInUp&quot;}\" data-widget_type=\"text-editor.default\">\n\t\t\t\t<div class=\"elementor-widget-container\">\n\t\t\t\t\t\t\t\t\t<p>Abire Formaci\u00f3n<\/p>\t\t\t\t\t\t\t\t<\/div>\n\t\t\t\t<\/div>\n\t\t\t\t<div class=\"elementor-element elementor-element-62ef6d46 elementor-widget__width-inherit elementor-invisible elementor-widget elementor-widget-heading\" data-id=\"62ef6d46\" data-element_type=\"widget\" data-settings=\"{&quot;_animation&quot;:&quot;fadeInUp&quot;,&quot;_animation_delay&quot;:200}\" data-widget_type=\"heading.default\">\n\t\t\t\t<div class=\"elementor-widget-container\">\n\t\t\t\t\t<h2 class=\"elementor-heading-title elementor-size-default\">\u00bfQu\u00e9 es un contrato de formaci\u00f3n en alternancia?<\/h2>\t\t\t\t<\/div>\n\t\t\t\t<\/div>\n\t\t\t\t<div class=\"elementor-element elementor-element-75a6d3db elementor-widget__width-inherit elementor-invisible elementor-widget elementor-widget-text-editor\" data-id=\"75a6d3db\" data-element_type=\"widget\" data-settings=\"{&quot;_animation&quot;:&quot;fadeInUp&quot;,&quot;_animation_delay&quot;:400}\" data-widget_type=\"text-editor.default\">\n\t\t\t\t<div class=\"elementor-widget-container\">\n\t\t\t\t\t\t\t\t\t<p><span class=\"OYPEnA font-feature-liga-off font-feature-clig-off font-feature-calt-off text-decoration-none text-strikethrough-none\">El <b>Contrato de Formaci\u00f3n en Alternancia<\/b><\/span><span class=\"OYPEnA font-feature-liga-off font-feature-clig-off font-feature-calt-off text-decoration-none text-strikethrough-none\"><b> <\/b>(CFA)<\/span><span class=\"OYPEnA font-feature-liga-off font-feature-clig-off font-feature-calt-off text-decoration-none text-strikethrough-none\"> es un contrato laboral de <\/span><span class=\"OYPEnA font-feature-liga-off font-feature-clig-off font-feature-calt-off text-decoration-none text-strikethrough-none\">duraci\u00f3n determinada<\/span><span class=\"OYPEnA font-feature-liga-off font-feature-clig-off font-feature-calt-off text-decoration-none text-strikethrough-none\"> en el que la persona trabajadora alterna el trabajo retribuido en la empresa con procesos formativos relacionados con el puesto de trabajo objeto de contrato.<\/span><\/p><p class=\"cvGsUA direction-ltr align-start para-style-body\"><span class=\"OYPEnA font-feature-liga-off font-feature-clig-off font-feature-calt-off text-decoration-none text-strikethrough-none\">La <\/span><span class=\"OYPEnA font-feature-liga-off font-feature-clig-off font-feature-calt-off text-decoration-none text-strikethrough-none\">duraci\u00f3n m\u00e1xima <\/span><span class=\"OYPEnA font-feature-liga-off font-feature-clig-off font-feature-calt-off text-decoration-none text-strikethrough-none\">del CFA vendr\u00e1 determinada por la duraci\u00f3n del plan formativo vinculado a la ocupaci\u00f3n laboral, sin que pueda ser inferior a <\/span><span class=\"OYPEnA font-feature-liga-off font-feature-clig-off font-feature-calt-off text-decoration-none text-strikethrough-none\">3 meses ni superior a 2 a\u00f1os.<\/span><\/p><p class=\"cvGsUA direction-ltr align-start para-style-body\"><span class=\"OYPEnA font-feature-liga-off font-feature-clig-off font-feature-calt-off text-decoration-none text-strikethrough-none\">En el supuesto de que el CFA se hubiera concertado por duraci\u00f3n inferior a los 2 a\u00f1os y no se hubiera obtenido el diploma asociado al contrato formativo, se podr\u00e1<\/span><span class=\"OYPEnA font-feature-liga-off font-feature-clig-off font-feature-calt-off text-decoration-none text-strikethrough-none\"> prorrogar<\/span><span class=\"OYPEnA font-feature-liga-off font-feature-clig-off font-feature-calt-off text-decoration-none text-strikethrough-none\"> el contrato hasta la obtenci\u00f3n del mencionado diploma.<\/span><\/p>\t\t\t\t\t\t\t\t<\/div>\n\t\t\t\t<\/div>\n\t\t\t\t<div class=\"elementor-element elementor-element-fad5158 elementor-widget__width-initial elementor-align-left elementor-invisible elementor-widget elementor-widget-button\" data-id=\"fad5158\" data-element_type=\"widget\" data-settings=\"{&quot;_animation&quot;:&quot;fadeInUp&quot;,&quot;_animation_delay&quot;:700}\" data-widget_type=\"button.default\">\n\t\t\t\t<div class=\"elementor-widget-container\">\n\t\t\t\t\t\t\t\t\t<div class=\"elementor-button-wrapper\">\n\t\t\t\t\t<a class=\"elementor-button elementor-button-link elementor-size-sm\" href=\"https:\/\/abire.es\/nuevaweb\/wp-content\/uploads\/2025\/01\/TOMA-DE-DATOS.pdf\">\n\t\t\t\t\t\t<span class=\"elementor-button-content-wrapper\">\n\t\t\t\t\t\t<span class=\"elementor-button-icon\">\n\t\t\t\t<i aria-hidden=\"true\" class=\"icon icon-right-arrow\"><\/i>\t\t\t<\/span>\n\t\t\t\t\t\t\t\t\t<span class=\"elementor-button-text\">Toma de datos<\/span>\n\t\t\t\t\t<\/span>\n\t\t\t\t\t<\/a>\n\t\t\t\t<\/div>\n\t\t\t\t\t\t\t\t<\/div>\n\t\t\t\t<\/div>\n\t\t\t\t<\/div>\n\t\t\t\t\t<\/div>\n\t\t\t\t<\/div>\n\t\t<div class=\"elementor-element elementor-element-1270e8f e-flex e-con-boxed e-con e-parent\" data-id=\"1270e8f\" data-element_type=\"container\">\n\t\t\t\t\t<div class=\"e-con-inner\">\n\t\t<div class=\"elementor-element elementor-element-6e47a53 e-con-full e-flex e-con e-child\" data-id=\"6e47a53\" data-element_type=\"container\">\n\t\t\t\t<div class=\"elementor-element elementor-element-5ac5915 elementor-widget__width-inherit elementor-invisible elementor-widget elementor-widget-text-editor\" data-id=\"5ac5915\" data-element_type=\"widget\" data-settings=\"{&quot;_animation&quot;:&quot;fadeInUp&quot;}\" data-widget_type=\"text-editor.default\">\n\t\t\t\t<div class=\"elementor-widget-container\">\n\t\t\t\t\t\t\t\t\t<p>Abire Formaci\u00f3n<\/p>\t\t\t\t\t\t\t\t<\/div>\n\t\t\t\t<\/div>\n\t\t\t\t<div class=\"elementor-element elementor-element-2f9e643 elementor-widget__width-inherit elementor-invisible elementor-widget elementor-widget-heading\" data-id=\"2f9e643\" data-element_type=\"widget\" data-settings=\"{&quot;_animation&quot;:&quot;fadeInUp&quot;,&quot;_animation_delay&quot;:200}\" data-widget_type=\"heading.default\">\n\t\t\t\t<div class=\"elementor-widget-container\">\n\t\t\t\t\t<h2 class=\"elementor-heading-title elementor-size-default\">Ventajas para la empresa<\/h2>\t\t\t\t<\/div>\n\t\t\t\t<\/div>\n\t\t\t\t<div class=\"elementor-element elementor-element-69090e5 elementor-widget__width-inherit elementor-icon-list--layout-traditional elementor-list-item-link-full_width elementor-invisible elementor-widget elementor-widget-icon-list\" data-id=\"69090e5\" data-element_type=\"widget\" data-settings=\"{&quot;_animation&quot;:&quot;fadeInUp&quot;,&quot;_animation_delay&quot;:400}\" data-widget_type=\"icon-list.default\">\n\t\t\t\t<div class=\"elementor-widget-container\">\n\t\t\t\t\t\t\t<ul class=\"elementor-icon-list-items\">\n\t\t\t\t\t\t\t<li class=\"elementor-icon-list-item\">\n\t\t\t\t\t\t\t\t\t\t\t<span class=\"elementor-icon-list-icon\">\n\t\t\t\t\t\t\t<i aria-hidden=\"true\" class=\"icon icon-tick\"><\/i>\t\t\t\t\t\t<\/span>\n\t\t\t\t\t\t\t\t\t\t<span class=\"elementor-icon-list-text\"><b>Bonificaciones en las cuota de la Seguridad Social<\/b>. <br>Ser\u00e1n de 91 \u20ac\/mes en la cuota empresarial, y 28 \u20ac\/mes en la cuota a la Seguridad Social de la persona trabajadora.<\/span>\n\t\t\t\t\t\t\t\t\t<\/li>\n\t\t\t\t\t\t\t\t<li class=\"elementor-icon-list-item\">\n\t\t\t\t\t\t\t\t\t\t\t<span class=\"elementor-icon-list-icon\">\n\t\t\t\t\t\t\t<i aria-hidden=\"true\" class=\"icon icon-tick\"><\/i>\t\t\t\t\t\t<\/span>\n\t\t\t\t\t\t\t\t\t\t<span class=\"elementor-icon-list-text\">Alta e <b>incorporaci\u00f3n inmediata<\/b> del trabajador\/a.<\/span>\n\t\t\t\t\t\t\t\t\t<\/li>\n\t\t\t\t\t\t\t\t<li class=\"elementor-icon-list-item\">\n\t\t\t\t\t\t\t\t\t\t\t<span class=\"elementor-icon-list-icon\">\n\t\t\t\t\t\t\t<i aria-hidden=\"true\" class=\"icon icon-tick\"><\/i>\t\t\t\t\t\t<\/span>\n\t\t\t\t\t\t\t\t\t\t<span class=\"elementor-icon-list-text\">Las empresas podr\u00e1n participar activamente en la <b>formaci\u00f3n<\/b> de sus trabajadores\/as, as\u00ed como renovar, profesionalizar y reforzar su plantilla.<\/span>\n\t\t\t\t\t\t\t\t\t<\/li>\n\t\t\t\t\t\t\t\t<li class=\"elementor-icon-list-item\">\n\t\t\t\t\t\t\t\t\t\t\t<span class=\"elementor-icon-list-icon\">\n\t\t\t\t\t\t\t<i aria-hidden=\"true\" class=\"icon icon-tick\"><\/i>\t\t\t\t\t\t<\/span>\n\t\t\t\t\t\t\t\t\t\t<span class=\"elementor-icon-list-text\"><b>Bonificaci\u00f3n en la cuota de la<\/b> <b>Seguridad Social<\/b> por transformaci\u00f3n en indefinido: 1.536\u20ac para hombres y 1.764\u20ac para mujeres, durante tres a\u00f1os.<\/span>\n\t\t\t\t\t\t\t\t\t<\/li>\n\t\t\t\t\t\t\t\t<li class=\"elementor-icon-list-item\">\n\t\t\t\t\t\t\t\t\t\t\t<span class=\"elementor-icon-list-icon\">\n\t\t\t\t\t\t\t<i aria-hidden=\"true\" class=\"icon icon-tick\"><\/i>\t\t\t\t\t\t<\/span>\n\t\t\t\t\t\t\t\t\t\t<span class=\"elementor-icon-list-text\"><b>Bonificaci\u00f3n por tutor\u00eda de empresa.<\/b><\/span>\n\t\t\t\t\t\t\t\t\t<\/li>\n\t\t\t\t\t\t\t\t<li class=\"elementor-icon-list-item\">\n\t\t\t\t\t\t\t\t\t\t\t<span class=\"elementor-icon-list-icon\">\n\t\t\t\t\t\t\t<i aria-hidden=\"true\" class=\"icon icon-tick\"><\/i>\t\t\t\t\t\t<\/span>\n\t\t\t\t\t\t\t\t\t\t<span class=\"elementor-icon-list-text\"><b>Formaci\u00f3n te\u00f3rica<\/b> 100% bonificable.<\/span>\n\t\t\t\t\t\t\t\t\t<\/li>\n\t\t\t\t\t\t\t\t<li class=\"elementor-icon-list-item\">\n\t\t\t\t\t\t\t\t\t\t\t<span class=\"elementor-icon-list-icon\">\n\t\t\t\t\t\t\t<i aria-hidden=\"true\" class=\"icon icon-tick\"><\/i>\t\t\t\t\t\t<\/span>\n\t\t\t\t\t\t\t\t\t\t<span class=\"elementor-icon-list-text\"><b>Flexibilidad temporal<\/b>: desde 3 meses hasta 2 a\u00f1os (o fin del programa formativo).<\/span>\n\t\t\t\t\t\t\t\t\t<\/li>\n\t\t\t\t\t\t<\/ul>\n\t\t\t\t\t\t<\/div>\n\t\t\t\t<\/div>\n\t\t\t\t<div class=\"elementor-element elementor-element-3c47a17 elementor-widget__width-initial elementor-align-left elementor-invisible elementor-widget elementor-widget-button\" data-id=\"3c47a17\" data-element_type=\"widget\" data-settings=\"{&quot;_animation&quot;:&quot;fadeInUp&quot;,&quot;_animation_delay&quot;:700}\" data-widget_type=\"button.default\">\n\t\t\t\t<div class=\"elementor-widget-container\">\n\t\t\t\t\t\t\t\t\t<div class=\"elementor-button-wrapper\">\n\t\t\t\t\t<a class=\"elementor-button elementor-button-link elementor-size-sm\" href=\"https:\/\/abire.es\/nuevaweb\/wp-content\/uploads\/2025\/09\/Catalogo-CFA-2025.pdf\">\n\t\t\t\t\t\t<span class=\"elementor-button-content-wrapper\">\n\t\t\t\t\t\t<span class=\"elementor-button-icon\">\n\t\t\t\t<i aria-hidden=\"true\" class=\"icon icon-right-arrow\"><\/i>\t\t\t<\/span>\n\t\t\t\t\t\t\t\t\t<span class=\"elementor-button-text\">Ocupaciones disponibles<\/span>\n\t\t\t\t\t<\/span>\n\t\t\t\t\t<\/a>\n\t\t\t\t<\/div>\n\t\t\t\t\t\t\t\t<\/div>\n\t\t\t\t<\/div>\n\t\t\t\t<\/div>\n\t\t<div class=\"elementor-element elementor-element-cb46190 e-con-full e-flex elementor-invisible e-con e-child\" data-id=\"cb46190\" data-element_type=\"container\" data-settings=\"{&quot;background_background&quot;:&quot;classic&quot;,&quot;animation&quot;:&quot;fadeIn&quot;}\">\n\t\t\t\t<\/div>\n\t\t\t\t\t<\/div>\n\t\t\t\t<\/div>\n\t\t<div class=\"elementor-element elementor-element-b6358b6 e-flex e-con-boxed e-con e-parent\" data-id=\"b6358b6\" data-element_type=\"container\" data-settings=\"{&quot;background_background&quot;:&quot;classic&quot;}\">\n\t\t\t\t\t<div class=\"e-con-inner\">\n\t\t<div class=\"elementor-element elementor-element-795c32c e-con-full e-flex elementor-invisible e-con e-child\" data-id=\"795c32c\" data-element_type=\"container\" data-settings=\"{&quot;background_background&quot;:&quot;classic&quot;,&quot;animation&quot;:&quot;fadeIn&quot;}\">\n\t\t<div class=\"elementor-element elementor-element-013f8b9 e-con-full e-flex elementor-invisible e-con e-child\" data-id=\"013f8b9\" data-element_type=\"container\" data-settings=\"{&quot;background_background&quot;:&quot;classic&quot;,&quot;animation&quot;:&quot;fadeInUp&quot;,&quot;animation_delay&quot;:200}\">\n\t\t\t\t<div class=\"elementor-element elementor-element-e66a133 elementor-widget elementor-widget-testimonial\" data-id=\"e66a133\" data-element_type=\"widget\" data-widget_type=\"testimonial.default\">\n\t\t\t\t<div class=\"elementor-widget-container\">\n\t\t\t\t\t\t\t<div class=\"elementor-testimonial-wrapper\">\n\t\t\t\t\t\t\t<div class=\"elementor-testimonial-content\"><b> El \u00fanico coste que genera a la empresa<\/b> una persona trabajadora con un contrato de formaci\u00f3n en alternancia, es el <b>salario<\/b>.  <\/div>\n\t\t\t\n\t\t\t\t\t<\/div>\n\t\t\t\t\t\t<\/div>\n\t\t\t\t<\/div>\n\t\t\t\t<\/div>\n\t\t\t\t<\/div>\n\t\t<div class=\"elementor-element elementor-element-d6d5a66 e-con-full e-flex e-con e-child\" data-id=\"d6d5a66\" data-element_type=\"container\">\n\t\t\t\t<div class=\"elementor-element elementor-element-e1ee8fa elementor-widget__width-inherit elementor-invisible elementor-widget elementor-widget-text-editor\" data-id=\"e1ee8fa\" data-element_type=\"widget\" data-settings=\"{&quot;_animation&quot;:&quot;fadeInUp&quot;}\" data-widget_type=\"text-editor.default\">\n\t\t\t\t<div class=\"elementor-widget-container\">\n\t\t\t\t\t\t\t\t\t<p>ABIRE FORMACI\u00d3N<\/p>\t\t\t\t\t\t\t\t<\/div>\n\t\t\t\t<\/div>\n\t\t\t\t<div class=\"elementor-element elementor-element-94b9d54 elementor-widget__width-inherit elementor-invisible elementor-widget elementor-widget-heading\" data-id=\"94b9d54\" data-element_type=\"widget\" data-settings=\"{&quot;_animation&quot;:&quot;fadeInUp&quot;,&quot;_animation_delay&quot;:200}\" data-widget_type=\"heading.default\">\n\t\t\t\t<div class=\"elementor-widget-container\">\n\t\t\t\t\t<h1 class=\"elementor-heading-title elementor-size-default\">Incentivos a la contrataci\u00f3n<\/h1>\t\t\t\t<\/div>\n\t\t\t\t<\/div>\n\t\t\t\t<div class=\"elementor-element elementor-element-a9c945b elementor-widget__width-inherit elementor-invisible elementor-widget elementor-widget-text-editor\" data-id=\"a9c945b\" data-element_type=\"widget\" data-settings=\"{&quot;_animation&quot;:&quot;fadeInUp&quot;,&quot;_animation_delay&quot;:400}\" data-widget_type=\"text-editor.default\">\n\t\t\t\t<div class=\"elementor-widget-container\">\n\t\t\t\t\t\t\t\t\t<p>El <strong>Contrato de Formaci\u00f3n<\/strong> permite que los conocimientos aprendidos sean\u00a0aplicados al momento, lo que supone una mayor y m\u00e1s r\u00e1pida profesionalizaci\u00f3n del alumno\/a en la empresa.<\/p>\t\t\t\t\t\t\t\t<\/div>\n\t\t\t\t<\/div>\n\t\t<div class=\"elementor-element elementor-element-a9d97f2 e-grid e-con-boxed elementor-invisible e-con e-child\" data-id=\"a9d97f2\" data-element_type=\"container\" data-settings=\"{&quot;animation&quot;:&quot;fadeInUp&quot;,&quot;animation_delay&quot;:600}\">\n\t\t\t\t\t<div class=\"e-con-inner\">\n\t\t\t\t<div class=\"elementor-element elementor-element-a0bfed4 elementor-position-left elementor-view-default elementor-mobile-position-top elementor-widget elementor-widget-icon-box\" data-id=\"a0bfed4\" data-element_type=\"widget\" data-widget_type=\"icon-box.default\">\n\t\t\t\t<div class=\"elementor-widget-container\">\n\t\t\t\t\t\t\t<div class=\"elementor-icon-box-wrapper\">\n\n\t\t\t\t\t\t<div class=\"elementor-icon-box-icon\">\n\t\t\t\t<span  class=\"elementor-icon\">\n\t\t\t\t<svg aria-hidden=\"true\" class=\"e-font-icon-svg e-fas-euro-sign\" viewBox=\"0 0 320 512\" xmlns=\"http:\/\/www.w3.org\/2000\/svg\"><path d=\"M310.706 413.765c-1.314-6.63-7.835-10.872-14.424-9.369-10.692 2.439-27.422 5.413-45.426 5.413-56.763 0-101.929-34.79-121.461-85.449h113.689a12 12 0 0 0 11.708-9.369l6.373-28.36c1.686-7.502-4.019-14.631-11.708-14.631H115.22c-1.21-14.328-1.414-28.287.137-42.245H261.95a12 12 0 0 0 11.723-9.434l6.512-29.755c1.638-7.484-4.061-14.566-11.723-14.566H130.184c20.633-44.991 62.69-75.03 117.619-75.03 14.486 0 28.564 2.25 37.851 4.145 6.216 1.268 12.347-2.498 14.002-8.623l11.991-44.368c1.822-6.741-2.465-13.616-9.326-14.917C290.217 34.912 270.71 32 249.635 32 152.451 32 74.03 92.252 45.075 176H12c-6.627 0-12 5.373-12 12v29.755c0 6.627 5.373 12 12 12h21.569c-1.009 13.607-1.181 29.287-.181 42.245H12c-6.627 0-12 5.373-12 12v28.36c0 6.627 5.373 12 12 12h30.114C67.139 414.692 145.264 480 249.635 480c26.301 0 48.562-4.544 61.101-7.788 6.167-1.595 10.027-7.708 8.788-13.957l-8.818-44.49z\"><\/path><\/svg>\t\t\t\t<\/span>\n\t\t\t<\/div>\n\t\t\t\n\t\t\t\t\t\t<div class=\"elementor-icon-box-content\">\n\n\t\t\t\t\t\t\t\t\t<h3 class=\"elementor-icon-box-title\">\n\t\t\t\t\t\t<span  >\n\t\t\t\t\t\t\tBonificaciones en las cuotas de la Seguridad Social\t\t\t\t\t\t<\/span>\n\t\t\t\t\t<\/h3>\n\t\t\t\t\n\t\t\t\t\t\t\t\t\t<p class=\"elementor-icon-box-description\">\n\t\t\t\t\t\tSer\u00e1n de 91 \u20ac\/mes en la cuota empresarial, y 28 \u20ac\/mes en la cuota a la Seguridad Social de la persona trabajadora.\t\t\t\t\t<\/p>\n\t\t\t\t\n\t\t\t<\/div>\n\t\t\t\n\t\t<\/div>\n\t\t\t\t\t\t<\/div>\n\t\t\t\t<\/div>\n\t\t\t\t<div class=\"elementor-element elementor-element-92dcf13 elementor-position-left elementor-view-default elementor-mobile-position-top elementor-widget elementor-widget-icon-box\" data-id=\"92dcf13\" data-element_type=\"widget\" data-widget_type=\"icon-box.default\">\n\t\t\t\t<div class=\"elementor-widget-container\">\n\t\t\t\t\t\t\t<div class=\"elementor-icon-box-wrapper\">\n\n\t\t\t\t\t\t<div class=\"elementor-icon-box-icon\">\n\t\t\t\t<span  class=\"elementor-icon\">\n\t\t\t\t<svg aria-hidden=\"true\" class=\"e-font-icon-svg e-fas-calendar-check\" viewBox=\"0 0 448 512\" xmlns=\"http:\/\/www.w3.org\/2000\/svg\"><path d=\"M436 160H12c-6.627 0-12-5.373-12-12v-36c0-26.51 21.49-48 48-48h48V12c0-6.627 5.373-12 12-12h40c6.627 0 12 5.373 12 12v52h128V12c0-6.627 5.373-12 12-12h40c6.627 0 12 5.373 12 12v52h48c26.51 0 48 21.49 48 48v36c0 6.627-5.373 12-12 12zM12 192h424c6.627 0 12 5.373 12 12v260c0 26.51-21.49 48-48 48H48c-26.51 0-48-21.49-48-48V204c0-6.627 5.373-12 12-12zm333.296 95.947l-28.169-28.398c-4.667-4.705-12.265-4.736-16.97-.068L194.12 364.665l-45.98-46.352c-4.667-4.705-12.266-4.736-16.971-.068l-28.397 28.17c-4.705 4.667-4.736 12.265-.068 16.97l82.601 83.269c4.667 4.705 12.265 4.736 16.97.068l142.953-141.805c4.705-4.667 4.736-12.265.068-16.97z\"><\/path><\/svg>\t\t\t\t<\/span>\n\t\t\t<\/div>\n\t\t\t\n\t\t\t\t\t\t<div class=\"elementor-icon-box-content\">\n\n\t\t\t\t\t\t\t\t\t<h3 class=\"elementor-icon-box-title\">\n\t\t\t\t\t\t<span  >\n\t\t\t\t\t\t\tBonificaci\u00f3n por transformaci\u00f3n en indefinido\t\t\t\t\t\t<\/span>\n\t\t\t\t\t<\/h3>\n\t\t\t\t\n\t\t\t\t\t\t\t\t\t<p class=\"elementor-icon-box-description\">\n\t\t\t\t\t\tEl importe a bonificar en las cuotas a la Seguridad Social es de 1.536\u20ac para hombres y 1.764\u20ac para mujeres, durante tres a\u00f1os.\t\t\t\t\t<\/p>\n\t\t\t\t\n\t\t\t<\/div>\n\t\t\t\n\t\t<\/div>\n\t\t\t\t\t\t<\/div>\n\t\t\t\t<\/div>\n\t\t\t\t<div class=\"elementor-element elementor-element-e8e533b elementor-position-left elementor-view-default elementor-mobile-position-top elementor-widget elementor-widget-icon-box\" data-id=\"e8e533b\" data-element_type=\"widget\" data-widget_type=\"icon-box.default\">\n\t\t\t\t<div class=\"elementor-widget-container\">\n\t\t\t\t\t\t\t<div class=\"elementor-icon-box-wrapper\">\n\n\t\t\t\t\t\t<div class=\"elementor-icon-box-icon\">\n\t\t\t\t<span  class=\"elementor-icon\">\n\t\t\t\t<i aria-hidden=\"true\" class=\"icon icon-bubble\"><\/i>\t\t\t\t<\/span>\n\t\t\t<\/div>\n\t\t\t\n\t\t\t\t\t\t<div class=\"elementor-icon-box-content\">\n\n\t\t\t\t\t\t\t\t\t<h3 class=\"elementor-icon-box-title\">\n\t\t\t\t\t\t<span  >\n\t\t\t\t\t\t\tIncorporaci\u00f3n\t\t\t\t\t\t<\/span>\n\t\t\t\t\t<\/h3>\n\t\t\t\t\n\t\t\t\t\t\t\t\t\t<p class=\"elementor-icon-box-description\">\n\t\t\t\t\t\tAlta e incorporaci\u00f3n inmediata del trabajador\/a en el puesto de trabajo.\t\t\t\t\t<\/p>\n\t\t\t\t\n\t\t\t<\/div>\n\t\t\t\n\t\t<\/div>\n\t\t\t\t\t\t<\/div>\n\t\t\t\t<\/div>\n\t\t\t\t<div class=\"elementor-element elementor-element-8df6e1e elementor-position-left elementor-view-default elementor-mobile-position-top elementor-widget elementor-widget-icon-box\" data-id=\"8df6e1e\" data-element_type=\"widget\" data-widget_type=\"icon-box.default\">\n\t\t\t\t<div class=\"elementor-widget-container\">\n\t\t\t\t\t\t\t<div class=\"elementor-icon-box-wrapper\">\n\n\t\t\t\t\t\t<div class=\"elementor-icon-box-icon\">\n\t\t\t\t<span  class=\"elementor-icon\">\n\t\t\t\t<i aria-hidden=\"true\" class=\"icon icon-camera-video\"><\/i>\t\t\t\t<\/span>\n\t\t\t<\/div>\n\t\t\t\n\t\t\t\t\t\t<div class=\"elementor-icon-box-content\">\n\n\t\t\t\t\t\t\t\t\t<h3 class=\"elementor-icon-box-title\">\n\t\t\t\t\t\t<span  >\n\t\t\t\t\t\t\tFlexibilidad temporal: desde 3 meses hasta 2 a\u00f1os (o fin del programa formativo).\t\t\t\t\t\t<\/span>\n\t\t\t\t\t<\/h3>\n\t\t\t\t\n\t\t\t\t\n\t\t\t<\/div>\n\t\t\t\n\t\t<\/div>\n\t\t\t\t\t\t<\/div>\n\t\t\t\t<\/div>\n\t\t\t\t<div class=\"elementor-element elementor-element-4e8ea85 elementor-position-left elementor-view-default elementor-mobile-position-top elementor-widget elementor-widget-icon-box\" data-id=\"4e8ea85\" data-element_type=\"widget\" data-widget_type=\"icon-box.default\">\n\t\t\t\t<div class=\"elementor-widget-container\">\n\t\t\t\t\t\t\t<div class=\"elementor-icon-box-wrapper\">\n\n\t\t\t\t\t\t<div class=\"elementor-icon-box-icon\">\n\t\t\t\t<span  class=\"elementor-icon\">\n\t\t\t\t<i aria-hidden=\"true\" class=\"icon icon-Download\"><\/i>\t\t\t\t<\/span>\n\t\t\t<\/div>\n\t\t\t\n\t\t\t\t\t\t<div class=\"elementor-icon-box-content\">\n\n\t\t\t\t\t\t\t\t\t<h3 class=\"elementor-icon-box-title\">\n\t\t\t\t\t\t<span  >\n\t\t\t\t\t\t\tCoste de la formaci\u00f3n te\u00f3rica 100% bonificable.\t\t\t\t\t\t<\/span>\n\t\t\t\t\t<\/h3>\n\t\t\t\t\n\t\t\t\t\n\t\t\t<\/div>\n\t\t\t\n\t\t<\/div>\n\t\t\t\t\t\t<\/div>\n\t\t\t\t<\/div>\n\t\t\t\t<div class=\"elementor-element elementor-element-d9e12e3 elementor-position-left elementor-view-default elementor-mobile-position-top elementor-widget elementor-widget-icon-box\" data-id=\"d9e12e3\" data-element_type=\"widget\" data-widget_type=\"icon-box.default\">\n\t\t\t\t<div class=\"elementor-widget-container\">\n\t\t\t\t\t\t\t<div class=\"elementor-icon-box-wrapper\">\n\n\t\t\t\t\t\t<div class=\"elementor-icon-box-icon\">\n\t\t\t\t<span  class=\"elementor-icon\">\n\t\t\t\t<i aria-hidden=\"true\" class=\"icon icon-checked\"><\/i>\t\t\t\t<\/span>\n\t\t\t<\/div>\n\t\t\t\n\t\t\t\t\t\t<div class=\"elementor-icon-box-content\">\n\n\t\t\t\t\t\t\t\t\t<h3 class=\"elementor-icon-box-title\">\n\t\t\t\t\t\t<span  >\n\t\t\t\t\t\t\tBonificaci\u00f3n por tutor\u00eda de empresa.\t\t\t\t\t\t<\/span>\n\t\t\t\t\t<\/h3>\n\t\t\t\t\n\t\t\t\t\n\t\t\t<\/div>\n\t\t\t\n\t\t<\/div>\n\t\t\t\t\t\t<\/div>\n\t\t\t\t<\/div>\n\t\t\t\t\t<\/div>\n\t\t\t\t<\/div>\n\t\t\t\t<\/div>\n\t\t\t\t\t<\/div>\n\t\t\t\t<\/div>\n\t\t<div class=\"elementor-element elementor-element-35ddc3d e-flex e-con-boxed e-con e-parent\" data-id=\"35ddc3d\" data-element_type=\"container\">\n\t\t\t\t\t<div class=\"e-con-inner\">\n\t\t<div class=\"elementor-element elementor-element-b365523 e-con-full e-flex e-con e-child\" data-id=\"b365523\" data-element_type=\"container\">\n\t\t\t\t<div class=\"elementor-element elementor-element-fb7b82f elementor-widget__width-inherit elementor-invisible elementor-widget elementor-widget-text-editor\" data-id=\"fb7b82f\" data-element_type=\"widget\" data-settings=\"{&quot;_animation&quot;:&quot;fadeInUp&quot;}\" data-widget_type=\"text-editor.default\">\n\t\t\t\t<div class=\"elementor-widget-container\">\n\t\t\t\t\t\t\t\t\t<p>ABIRE FORMACI\u00d3N<\/p>\t\t\t\t\t\t\t\t<\/div>\n\t\t\t\t<\/div>\n\t\t\t\t<div class=\"elementor-element elementor-element-fab47b6 elementor-widget__width-inherit elementor-invisible elementor-widget elementor-widget-heading\" data-id=\"fab47b6\" data-element_type=\"widget\" data-settings=\"{&quot;_animation&quot;:&quot;fadeInUp&quot;,&quot;_animation_delay&quot;:200}\" data-widget_type=\"heading.default\">\n\t\t\t\t<div class=\"elementor-widget-container\">\n\t\t\t\t\t<h2 class=\"elementor-heading-title elementor-size-default\">Ahorro del contrato de formaci\u00f3n en alternancia<\/h2>\t\t\t\t<\/div>\n\t\t\t\t<\/div>\n\t\t\t\t<div class=\"elementor-element elementor-element-b38005a elementor-widget__width-initial elementor-widget elementor-widget-image\" data-id=\"b38005a\" data-element_type=\"widget\" data-widget_type=\"image.default\">\n\t\t\t\t<div class=\"elementor-widget-container\">\n\t\t\t\t\t\t\t\t\t\t\t\t\t\t\t<img loading=\"lazy\" decoding=\"async\" width=\"800\" height=\"392\" src=\"https:\/\/abire.es\/nuevaweb\/wp-content\/uploads\/2025\/12\/Nueva-tabla-costes-1.jpg\" class=\"attachment-large size-large wp-image-3938\" alt=\"Nueva tabla costes\" srcset=\"https:\/\/abire.es\/nuevaweb\/wp-content\/uploads\/2025\/12\/Nueva-tabla-costes-1.jpg 942w, https:\/\/abire.es\/nuevaweb\/wp-content\/uploads\/2025\/12\/Nueva-tabla-costes-1-300x147.jpg 300w, https:\/\/abire.es\/nuevaweb\/wp-content\/uploads\/2025\/12\/Nueva-tabla-costes-1-768x376.jpg 768w\" sizes=\"(max-width: 800px) 100vw, 800px\" \/>\t\t\t\t\t\t\t\t\t\t\t\t\t\t\t<\/div>\n\t\t\t\t<\/div>\n\t\t\t\t<\/div>\n\t\t\t\t\t<\/div>\n\t\t\t\t<\/div>\n\t\t<div class=\"elementor-element elementor-element-1a709875 e-flex e-con-boxed e-con e-parent\" data-id=\"1a709875\" data-element_type=\"container\" data-settings=\"{&quot;background_background&quot;:&quot;classic&quot;}\">\n\t\t\t\t\t<div class=\"e-con-inner\">\n\t\t<div class=\"elementor-element elementor-element-2ebc4875 e-con-full e-flex elementor-invisible e-con e-child\" data-id=\"2ebc4875\" data-element_type=\"container\" data-settings=\"{&quot;background_background&quot;:&quot;classic&quot;,&quot;animation&quot;:&quot;fadeIn&quot;}\">\n\t\t<div class=\"elementor-element elementor-element-35841432 e-con-full e-flex e-con e-child\" data-id=\"35841432\" data-element_type=\"container\">\n\t\t\t\t<div class=\"elementor-element elementor-element-7cbf47e7 elementor-widget__width-inherit elementor-invisible elementor-widget elementor-widget-text-editor\" data-id=\"7cbf47e7\" data-element_type=\"widget\" data-settings=\"{&quot;_animation&quot;:&quot;fadeInUp&quot;}\" data-widget_type=\"text-editor.default\">\n\t\t\t\t<div class=\"elementor-widget-container\">\n\t\t\t\t\t\t\t\t\t<p>comienza ahora<\/p>\t\t\t\t\t\t\t\t<\/div>\n\t\t\t\t<\/div>\n\t\t\t\t<div class=\"elementor-element elementor-element-522926dc elementor-widget__width-inherit elementor-invisible elementor-widget elementor-widget-heading\" data-id=\"522926dc\" data-element_type=\"widget\" data-settings=\"{&quot;_animation&quot;:&quot;fadeInUp&quot;,&quot;_animation_delay&quot;:200}\" data-widget_type=\"heading.default\">\n\t\t\t\t<div class=\"elementor-widget-container\">\n\t\t\t\t\t<h2 class=\"elementor-heading-title elementor-size-default\">Si eres una asesor\u00eda, te interesa<\/h2>\t\t\t\t<\/div>\n\t\t\t\t<\/div>\n\t\t\t\t<div class=\"elementor-element elementor-element-6ef5ba3f elementor-widget__width-inherit elementor-invisible elementor-widget elementor-widget-text-editor\" data-id=\"6ef5ba3f\" data-element_type=\"widget\" data-settings=\"{&quot;_animation&quot;:&quot;fadeInUp&quot;,&quot;_animation_delay&quot;:400}\" data-widget_type=\"text-editor.default\">\n\t\t\t\t<div class=\"elementor-widget-container\">\n\t\t\t\t\t\t\t\t\t<p>Crea tu circular para informar a los clientes sobre los contratos de formaci\u00f3n en alternancia.<\/p>\t\t\t\t\t\t\t\t<\/div>\n\t\t\t\t<\/div>\n\t\t\t\t<div class=\"elementor-element elementor-element-4e9bb093 elementor-invisible elementor-widget elementor-widget-button\" data-id=\"4e9bb093\" data-element_type=\"widget\" data-settings=\"{&quot;_animation&quot;:&quot;fadeInUp&quot;,&quot;_animation_delay&quot;:600}\" data-widget_type=\"button.default\">\n\t\t\t\t<div class=\"elementor-widget-container\">\n\t\t\t\t\t\t\t\t\t<div class=\"elementor-button-wrapper\">\n\t\t\t\t\t<a class=\"elementor-button elementor-button-link elementor-size-sm\" href=\"https:\/\/abire.es\/PDFCarta\/view\/GeneradorPDF.php\">\n\t\t\t\t\t\t<span class=\"elementor-button-content-wrapper\">\n\t\t\t\t\t\t\t\t\t<span class=\"elementor-button-text\">Generar Modelo<\/span>\n\t\t\t\t\t<\/span>\n\t\t\t\t\t<\/a>\n\t\t\t\t<\/div>\n\t\t\t\t\t\t\t\t<\/div>\n\t\t\t\t<\/div>\n\t\t\t\t<div class=\"elementor-element elementor-element-47aa541 elementor-invisible elementor-widget elementor-widget-button\" data-id=\"47aa541\" data-element_type=\"widget\" data-settings=\"{&quot;_animation&quot;:&quot;fadeInUp&quot;,&quot;_animation_delay&quot;:600}\" data-widget_type=\"button.default\">\n\t\t\t\t<div class=\"elementor-widget-container\">\n\t\t\t\t\t\t\t\t\t<div class=\"elementor-button-wrapper\">\n\t\t\t\t\t<a class=\"elementor-button elementor-button-link elementor-size-sm\" href=\"https:\/\/abire.es\/nuevaweb\/wp-content\/uploads\/2025\/01\/Modelo-circular-del-contrato-de-formacion-actualizado.pdf\">\n\t\t\t\t\t\t<span class=\"elementor-button-content-wrapper\">\n\t\t\t\t\t\t\t\t\t<span class=\"elementor-button-text\">Previsualizar Modelo<\/span>\n\t\t\t\t\t<\/span>\n\t\t\t\t\t<\/a>\n\t\t\t\t<\/div>\n\t\t\t\t\t\t\t\t<\/div>\n\t\t\t\t<\/div>\n\t\t\t\t<\/div>\n\t\t<div class=\"elementor-element elementor-element-58e32eb1 e-con-full e-flex elementor-invisible e-con e-child\" data-id=\"58e32eb1\" data-element_type=\"container\" data-settings=\"{&quot;background_background&quot;:&quot;classic&quot;,&quot;animation&quot;:&quot;fadeIn&quot;,&quot;animation_delay&quot;:200}\">\n\t\t\t\t<\/div>\n\t\t\t\t<\/div>\n\t\t\t\t\t<\/div>\n\t\t\t\t<\/div>\n\t\t<div class=\"elementor-element elementor-element-c907f1f e-flex e-con-boxed e-con e-parent\" data-id=\"c907f1f\" data-element_type=\"container\">\n\t\t\t\t\t<div class=\"e-con-inner\">\n\t\t\t\t<div class=\"elementor-element elementor-element-14ed836 elementor-widget__width-inherit elementor-invisible elementor-widget elementor-widget-heading\" data-id=\"14ed836\" data-element_type=\"widget\" data-settings=\"{&quot;_animation&quot;:&quot;fadeInUp&quot;}\" data-widget_type=\"heading.default\">\n\t\t\t\t<div class=\"elementor-widget-container\">\n\t\t\t\t\t<h2 class=\"elementor-heading-title elementor-size-default\">\u00bfC\u00f3mo podemos ayudarte?<\/h2>\t\t\t\t<\/div>\n\t\t\t\t<\/div>\n\t\t\t\t\t<\/div>\n\t\t\t\t<\/div>\n\t\t\t\t<section class=\"elementor-section elementor-top-section elementor-element elementor-element-6cf0d21 envato-kit-141-top-0 elementor-section-content-middle elementor-section-boxed elementor-section-height-default elementor-section-height-default\" data-id=\"6cf0d21\" data-element_type=\"section\" data-settings=\"{&quot;background_background&quot;:&quot;classic&quot;}\">\n\t\t\t\t\t\t\t<div class=\"elementor-background-overlay\"><\/div>\n\t\t\t\t\t\t\t<div class=\"elementor-container elementor-column-gap-wider\">\n\t\t\t\t\t<div class=\"elementor-column elementor-col-50 elementor-top-column elementor-element elementor-element-7cdd3ab\" data-id=\"7cdd3ab\" data-element_type=\"column\">\n\t\t\t<div class=\"elementor-widget-wrap elementor-element-populated\">\n\t\t\t\t\t\t<div class=\"elementor-element elementor-element-159c020 elementor-invisible elementor-widget elementor-widget-elementskit-accordion\" data-id=\"159c020\" data-element_type=\"widget\" data-settings=\"{&quot;_animation&quot;:&quot;fadeInUp&quot;,&quot;_animation_delay&quot;:400}\" data-widget_type=\"elementskit-accordion.default\">\n\t\t\t\t<div class=\"elementor-widget-container\">\n\t\t\t\t\t<div class=\"ekit-wid-con\" >\n        <div class=\"elementskit-accordion accoedion-primary\" id=\"accordion-69f7396f6913f\">\n\n            \n                <div class=\"elementskit-card \">\n                    <div class=\"elementskit-card-header\" id=\"primaryHeading-0-159c020\">\n                        <a href=\"#collapse-a6e330569f7396f6913f\" class=\"ekit-accordion--toggler elementskit-btn-link collapsed\" data-ekit-toggle=\"collapse\" data-target=\"#Collapse-a6e330569f7396f6913f\" aria-expanded=\"false\" aria-controls=\"Collapse-a6e330569f7396f6913f\">\n                            \n                            <span class=\"ekit-accordion-title\">\u00bfQu\u00e9 es un contrato de formaci\u00f3n en alternancia?<\/span>\n\n                            \n                                <div class=\"ekit_accordion_icon_group\">\n                                    <div class=\"ekit_accordion_normal_icon\">\n                                        <!-- Normal Icon -->\n                                        <i aria-hidden=\"true\" class=\"icon-open icon-right icon icon-plus\"><\/i>                                    <\/div>\n\n                                    <div class=\"ekit_accordion_active_icon\">\n                                        <!-- Active Icon -->\n                                        <i aria-hidden=\"true\" class=\"icon-closed icon-right icon icon-minus\"><\/i>                                    <\/div>\n\n                                <\/div>\n\n                            \n                                                    <\/a>\n                    <\/div>\n\n                    <div id=\"Collapse-a6e330569f7396f6913f\" class=\" collapse\" aria-labelledby=\"primaryHeading-0-159c020\" data-parent=\"#accordion-69f7396f6913f\">\n\n                        <div class=\"elementskit-card-body ekit-accordion--content\">\n                            <p><span style=\"vertical-align: inherit\">Es un contrato laboral de car\u00e1cter temporal donde el trabajador\/a alterna el trabajo retribuido en la empresa con procesos formativos relacionados con el puesto de trabajo objeto de contrato.<\/span><\/p>                        <\/div>\n\n                    <\/div>\n\n                <\/div><!-- .elementskit-card END -->\n\n                \n                <div class=\"elementskit-card \">\n                    <div class=\"elementskit-card-header\" id=\"primaryHeading-1-159c020\">\n                        <a href=\"#collapse-ed795eb69f7396f6913f\" class=\"ekit-accordion--toggler elementskit-btn-link collapsed\" data-ekit-toggle=\"collapse\" data-target=\"#Collapse-ed795eb69f7396f6913f\" aria-expanded=\"false\" aria-controls=\"Collapse-ed795eb69f7396f6913f\">\n                            \n                            <span class=\"ekit-accordion-title\">\u00bfQu\u00e9 ventajas aportan los CFA en la empresa?<\/span>\n\n                            \n                                <div class=\"ekit_accordion_icon_group\">\n                                    <div class=\"ekit_accordion_normal_icon\">\n                                        <!-- Normal Icon -->\n                                        <i aria-hidden=\"true\" class=\"icon-open icon-right icon icon-plus\"><\/i>                                    <\/div>\n\n                                    <div class=\"ekit_accordion_active_icon\">\n                                        <!-- Active Icon -->\n                                        <i aria-hidden=\"true\" class=\"icon-closed icon-right icon icon-minus\"><\/i>                                    <\/div>\n\n                                <\/div>\n\n                            \n                                                    <\/a>\n                    <\/div>\n\n                    <div id=\"Collapse-ed795eb69f7396f6913f\" class=\" collapse\" aria-labelledby=\"primaryHeading-1-159c020\" data-parent=\"#accordion-69f7396f6913f\">\n\n                        <div class=\"elementskit-card-body ekit-accordion--content\">\n                            <p><span style=\"vertical-align: inherit\">Las empresas disfrutan de una bonificaci\u00f3n de la cuotas de los seguros sociales. Las nuevas bonificaciones del contrato de formaci\u00f3n ser\u00e1n de\u00a0<strong>91 \u20ac\/mes<\/strong>\u00a0<strong>de<\/strong>\u00a0<strong>la cuota empresarial, y 28 \u20ac\/mes<\/strong>\u00a0<strong>en las cuotas a la Seguridad Social de la persona trabajadora<\/strong>.\u00a0<\/span><\/p>                        <\/div>\n\n                    <\/div>\n\n                <\/div><!-- .elementskit-card END -->\n\n                \n                <div class=\"elementskit-card \">\n                    <div class=\"elementskit-card-header\" id=\"primaryHeading-2-159c020\">\n                        <a href=\"#collapse-e752d5a69f7396f6913f\" class=\"ekit-accordion--toggler elementskit-btn-link collapsed\" data-ekit-toggle=\"collapse\" data-target=\"#Collapse-e752d5a69f7396f6913f\" aria-expanded=\"false\" aria-controls=\"Collapse-e752d5a69f7396f6913f\">\n                            \n                            <span class=\"ekit-accordion-title\">\u00bfEn qu\u00e9 consiste la bonificaci\u00f3n por tutor\/a de empresa?<\/span>\n\n                            \n                                <div class=\"ekit_accordion_icon_group\">\n                                    <div class=\"ekit_accordion_normal_icon\">\n                                        <!-- Normal Icon -->\n                                        <i aria-hidden=\"true\" class=\"icon-open icon-right icon icon-plus\"><\/i>                                    <\/div>\n\n                                    <div class=\"ekit_accordion_active_icon\">\n                                        <!-- Active Icon -->\n                                        <i aria-hidden=\"true\" class=\"icon-closed icon-right icon icon-minus\"><\/i>                                    <\/div>\n\n                                <\/div>\n\n                            \n                                                    <\/a>\n                    <\/div>\n\n                    <div id=\"Collapse-e752d5a69f7396f6913f\" class=\" collapse\" aria-labelledby=\"primaryHeading-2-159c020\" data-parent=\"#accordion-69f7396f6913f\">\n\n                        <div class=\"elementskit-card-body ekit-accordion--content\">\n                            <p><span style=\"vertical-align: inherit\">La bonificaci\u00f3n por tutor de empresa trata de compensar el tiempo que el tutor de empresa, que deber ser otro\/a trabajador\/a de la empresa o el propio empresario\/a, presta al proceso de aprendizaje del trabajador\/a en formaci\u00f3n. El tiempo m\u00e1ximo que se puede bonificar son 40 horas mensuales por trabajador en formaci\u00f3n. Las empresas de menos de 5 trabajadores percibir\u00e1n 80 \u20ac al mes por este concepto y las de 5 o m\u00e1s trabajadores, 60 \u20ac\/mes.<\/span><\/p>                        <\/div>\n\n                    <\/div>\n\n                <\/div><!-- .elementskit-card END -->\n\n                \n                <div class=\"elementskit-card \">\n                    <div class=\"elementskit-card-header\" id=\"primaryHeading-3-159c020\">\n                        <a href=\"#collapse-20073e569f7396f6913f\" class=\"ekit-accordion--toggler elementskit-btn-link collapsed\" data-ekit-toggle=\"collapse\" data-target=\"#Collapse-20073e569f7396f6913f\" aria-expanded=\"false\" aria-controls=\"Collapse-20073e569f7396f6913f\">\n                            \n                            <span class=\"ekit-accordion-title\">\u00bfQu\u00e9 requisitos debe cumplir la persona designada como tutor de empresa?<\/span>\n\n                            \n                                <div class=\"ekit_accordion_icon_group\">\n                                    <div class=\"ekit_accordion_normal_icon\">\n                                        <!-- Normal Icon -->\n                                        <i aria-hidden=\"true\" class=\"icon-open icon-right icon icon-plus\"><\/i>                                    <\/div>\n\n                                    <div class=\"ekit_accordion_active_icon\">\n                                        <!-- Active Icon -->\n                                        <i aria-hidden=\"true\" class=\"icon-closed icon-right icon icon-minus\"><\/i>                                    <\/div>\n\n                                <\/div>\n\n                            \n                                                    <\/a>\n                    <\/div>\n\n                    <div id=\"Collapse-20073e569f7396f6913f\" class=\" collapse\" aria-labelledby=\"primaryHeading-3-159c020\" data-parent=\"#accordion-69f7396f6913f\">\n\n                        <div class=\"elementskit-card-body ekit-accordion--content\">\n                            <p><span style=\"vertical-align: inherit\">Deber\u00e1 tener formaci\u00f3n o experiencia adecuadas.<\/span><\/p>                        <\/div>\n\n                    <\/div>\n\n                <\/div><!-- .elementskit-card END -->\n\n                \n                <div class=\"elementskit-card \">\n                    <div class=\"elementskit-card-header\" id=\"primaryHeading-4-159c020\">\n                        <a href=\"#collapse-9df296769f7396f6913f\" class=\"ekit-accordion--toggler elementskit-btn-link collapsed\" data-ekit-toggle=\"collapse\" data-target=\"#Collapse-9df296769f7396f6913f\" aria-expanded=\"false\" aria-controls=\"Collapse-9df296769f7396f6913f\">\n                            \n                            <span class=\"ekit-accordion-title\">\u00bfCu\u00e1les son los requisitos para que la empresa pueda bonificarse las cuotas a la seguridad social?<\/span>\n\n                            \n                                <div class=\"ekit_accordion_icon_group\">\n                                    <div class=\"ekit_accordion_normal_icon\">\n                                        <!-- Normal Icon -->\n                                        <i aria-hidden=\"true\" class=\"icon-open icon-right icon icon-plus\"><\/i>                                    <\/div>\n\n                                    <div class=\"ekit_accordion_active_icon\">\n                                        <!-- Active Icon -->\n                                        <i aria-hidden=\"true\" class=\"icon-closed icon-right icon icon-minus\"><\/i>                                    <\/div>\n\n                                <\/div>\n\n                            \n                                                    <\/a>\n                    <\/div>\n\n                    <div id=\"Collapse-9df296769f7396f6913f\" class=\" collapse\" aria-labelledby=\"primaryHeading-4-159c020\" data-parent=\"#accordion-69f7396f6913f\">\n\n                        <div class=\"elementskit-card-body ekit-accordion--content\">\n                            <p>Accede para ver los requisitos actualizados a\u00a0<a href=\"https:\/\/abire.es\/2023\/08\/18\/nuevas-bonificaciones-del-contrato-de-formacion-en-alternancia-2023\/\"><b>1 de septiembre de 2023<\/b><\/a>.<\/p>                        <\/div>\n\n                    <\/div>\n\n                <\/div><!-- .elementskit-card END -->\n\n                \n                <div class=\"elementskit-card \">\n                    <div class=\"elementskit-card-header\" id=\"primaryHeading-5-159c020\">\n                        <a href=\"#collapse-0440f7b69f7396f6913f\" class=\"ekit-accordion--toggler elementskit-btn-link collapsed\" data-ekit-toggle=\"collapse\" data-target=\"#Collapse-0440f7b69f7396f6913f\" aria-expanded=\"false\" aria-controls=\"Collapse-0440f7b69f7396f6913f\">\n                            \n                            <span class=\"ekit-accordion-title\">\u00bfCu\u00e1l ser\u00eda el coste en seguros sociales de una empresa que no se pudiera beneficiar de la reducci\u00f3n de cuota?<\/span>\n\n                            \n                                <div class=\"ekit_accordion_icon_group\">\n                                    <div class=\"ekit_accordion_normal_icon\">\n                                        <!-- Normal Icon -->\n                                        <i aria-hidden=\"true\" class=\"icon-open icon-right icon icon-plus\"><\/i>                                    <\/div>\n\n                                    <div class=\"ekit_accordion_active_icon\">\n                                        <!-- Active Icon -->\n                                        <i aria-hidden=\"true\" class=\"icon-closed icon-right icon icon-minus\"><\/i>                                    <\/div>\n\n                                <\/div>\n\n                            \n                                                    <\/a>\n                    <\/div>\n\n                    <div id=\"Collapse-0440f7b69f7396f6913f\" class=\" collapse\" aria-labelledby=\"primaryHeading-5-159c020\" data-parent=\"#accordion-69f7396f6913f\">\n\n                        <div class=\"elementskit-card-body ekit-accordion--content\">\n                            <p><span style=\"vertical-align: inherit\">El CFA, para el a\u00f1o 2023, cotiza una cantidad fija de 170,69 \u20ac.<\/span><\/p>                        <\/div>\n\n                    <\/div>\n\n                <\/div><!-- .elementskit-card END -->\n\n                \n                <div class=\"elementskit-card \">\n                    <div class=\"elementskit-card-header\" id=\"primaryHeading-6-159c020\">\n                        <a href=\"#collapse-4d0fa3069f7396f6913f\" class=\"ekit-accordion--toggler elementskit-btn-link collapsed\" data-ekit-toggle=\"collapse\" data-target=\"#Collapse-4d0fa3069f7396f6913f\" aria-expanded=\"false\" aria-controls=\"Collapse-4d0fa3069f7396f6913f\">\n                            \n                            <span class=\"ekit-accordion-title\">\u00bfQu\u00e9 duraci\u00f3n tiene el CFA?<\/span>\n\n                            \n                                <div class=\"ekit_accordion_icon_group\">\n                                    <div class=\"ekit_accordion_normal_icon\">\n                                        <!-- Normal Icon -->\n                                        <i aria-hidden=\"true\" class=\"icon-open icon-right icon icon-plus\"><\/i>                                    <\/div>\n\n                                    <div class=\"ekit_accordion_active_icon\">\n                                        <!-- Active Icon -->\n                                        <i aria-hidden=\"true\" class=\"icon-closed icon-right icon icon-minus\"><\/i>                                    <\/div>\n\n                                <\/div>\n\n                            \n                                                    <\/a>\n                    <\/div>\n\n                    <div id=\"Collapse-4d0fa3069f7396f6913f\" class=\" collapse\" aria-labelledby=\"primaryHeading-6-159c020\" data-parent=\"#accordion-69f7396f6913f\">\n\n                        <div class=\"elementskit-card-body ekit-accordion--content\">\n                            <p><span style=\"vertical-align: inherit\">La duraci\u00f3n del CFA est\u00e1 determinada por la duraci\u00f3n del programa formativo, sin que dicha duraci\u00f3n pueda ser inferior a 3 meses ni superior a 2 a\u00f1os.<\/span><\/p><p><span style=\"vertical-align: inherit\">Reglamentariamente se podr\u00e1n establecer otras duraciones superiores para personas con discapacidad o que pertenezcan a los colectivos en riesgo de exclusi\u00f3n social previstos en el art.\u00a0 2 de la Ley 44\/2007, de 13 de diciembre, con objeto de adecuar la duraci\u00f3n m\u00e1xima del contrato, a los estudios, plan o programa formativo y al grado de discapacidad y caracter\u00edsticas de estas personas.<\/span><\/p>                        <\/div>\n\n                    <\/div>\n\n                <\/div><!-- .elementskit-card END -->\n\n                \n                <div class=\"elementskit-card \">\n                    <div class=\"elementskit-card-header\" id=\"primaryHeading-7-159c020\">\n                        <a href=\"#collapse-d743a8c69f7396f6913f\" class=\"ekit-accordion--toggler elementskit-btn-link collapsed\" data-ekit-toggle=\"collapse\" data-target=\"#Collapse-d743a8c69f7396f6913f\" aria-expanded=\"false\" aria-controls=\"Collapse-d743a8c69f7396f6913f\">\n                            \n                            <span class=\"ekit-accordion-title\">\u00bfSe puede prorrogar un CFA?<\/span>\n\n                            \n                                <div class=\"ekit_accordion_icon_group\">\n                                    <div class=\"ekit_accordion_normal_icon\">\n                                        <!-- Normal Icon -->\n                                        <i aria-hidden=\"true\" class=\"icon-open icon-right icon icon-plus\"><\/i>                                    <\/div>\n\n                                    <div class=\"ekit_accordion_active_icon\">\n                                        <!-- Active Icon -->\n                                        <i aria-hidden=\"true\" class=\"icon-closed icon-right icon icon-minus\"><\/i>                                    <\/div>\n\n                                <\/div>\n\n                            \n                                                    <\/a>\n                    <\/div>\n\n                    <div id=\"Collapse-d743a8c69f7396f6913f\" class=\" collapse\" aria-labelledby=\"primaryHeading-7-159c020\" data-parent=\"#accordion-69f7396f6913f\">\n\n                        <div class=\"elementskit-card-body ekit-accordion--content\">\n                            <p><span style=\"vertical-align: inherit\">La duraci\u00f3n del CFA est\u00e1 determinada por la duraci\u00f3n del programa formativo, sin que dicha duraci\u00f3n pueda ser inferior a 3 meses ni superior a 2 a\u00f1os.<\/span><\/p><p><span style=\"vertical-align: inherit\">S\u00ed. Si la duraci\u00f3n del contrato inicial es inferior a la duraci\u00f3n m\u00e1xima legal de 2 a\u00f1os y durante el mismo no se obtuviera la titulaci\u00f3n o diploma formativo asociado al contrato, \u00e9ste se podr\u00e1 prorrogar, sin superar la duraci\u00f3n m\u00e1xima de 2 a\u00f1os, hasta la obtenci\u00f3n de la titulaci\u00f3n acad\u00e9mica que correspondiera.<\/span><\/p>                        <\/div>\n\n                    <\/div>\n\n                <\/div><!-- .elementskit-card END -->\n\n                                        <\/div>\n    <\/div>\t\t\t\t<\/div>\n\t\t\t\t<\/div>\n\t\t\t\t\t<\/div>\n\t\t<\/div>\n\t\t\t\t<div class=\"elementor-column elementor-col-50 elementor-top-column elementor-element elementor-element-1e87dae envato-kit-141-newsletter-inline elementor-invisible\" data-id=\"1e87dae\" data-element_type=\"column\" data-settings=\"{&quot;background_background&quot;:&quot;classic&quot;,&quot;animation&quot;:&quot;pulse&quot;,&quot;animation_delay&quot;:200}\">\n\t\t\t<div class=\"elementor-widget-wrap elementor-element-populated\">\n\t\t\t\t\t\t<div class=\"elementor-element elementor-element-e80ec9c elementor-widget__width-inherit elementor-invisible elementor-widget elementor-widget-heading\" data-id=\"e80ec9c\" data-element_type=\"widget\" data-settings=\"{&quot;_animation&quot;:&quot;fadeInUp&quot;}\" data-widget_type=\"heading.default\">\n\t\t\t\t<div class=\"elementor-widget-container\">\n\t\t\t\t\t<h2 class=\"elementor-heading-title elementor-size-default\">\u00a1Te asesoramos!<\/h2>\t\t\t\t<\/div>\n\t\t\t\t<\/div>\n\t\t\t\t<div class=\"elementor-element elementor-element-8c0ae6f elementor-widget elementor-widget-spacer\" data-id=\"8c0ae6f\" data-element_type=\"widget\" data-widget_type=\"spacer.default\">\n\t\t\t\t<div class=\"elementor-widget-container\">\n\t\t\t\t\t\t\t<div class=\"elementor-spacer\">\n\t\t\t<div class=\"elementor-spacer-inner\"><\/div>\n\t\t<\/div>\n\t\t\t\t\t\t<\/div>\n\t\t\t\t<\/div>\n\t\t\t\t<div class=\"elementor-element elementor-element-c32a5f4 elementor-widget__width-initial elementor-button-align-stretch elementor-widget elementor-widget-form\" data-id=\"c32a5f4\" data-element_type=\"widget\" data-settings=\"{&quot;step_next_label&quot;:&quot;Next&quot;,&quot;step_previous_label&quot;:&quot;Previous&quot;,&quot;step_type&quot;:&quot;number_text&quot;,&quot;step_icon_shape&quot;:&quot;circle&quot;}\" data-widget_type=\"form.default\">\n\t\t\t\t<div class=\"elementor-widget-container\">\n\t\t\t\t\t\t\t<form class=\"elementor-form\" method=\"post\" name=\"New Form\" aria-label=\"New Form\">\n\t\t\t<input type=\"hidden\" name=\"post_id\" value=\"694\"\/>\n\t\t\t<input type=\"hidden\" name=\"form_id\" value=\"c32a5f4\"\/>\n\t\t\t<input type=\"hidden\" name=\"referer_title\" value=\"Contrato de formaci\u00f3n en alternancia\" \/>\n\n\t\t\t\t\t\t\t<input type=\"hidden\" name=\"queried_id\" value=\"694\"\/>\n\t\t\t\n\t\t\t<div class=\"elementor-form-fields-wrapper elementor-labels-above\">\n\t\t\t\t\t\t\t\t<div class=\"elementor-field-type-text elementor-field-group elementor-column elementor-field-group-field_1887c54 elementor-col-100\">\n\t\t\t\t\t\t\t\t\t\t\t\t\t<input size=\"1\" type=\"text\" name=\"form_fields[field_1887c54]\" id=\"form-field-field_1887c54\" class=\"elementor-field elementor-size-md  elementor-field-textual\" placeholder=\"Nombre\">\n\t\t\t\t\t\t\t\t\t\t\t<\/div>\n\t\t\t\t\t\t\t\t<div class=\"elementor-field-type-text elementor-field-group elementor-column elementor-field-group-field_de0ef90 elementor-col-100\">\n\t\t\t\t\t\t\t\t\t\t\t\t\t<input size=\"1\" type=\"text\" name=\"form_fields[field_de0ef90]\" id=\"form-field-field_de0ef90\" class=\"elementor-field elementor-size-md  elementor-field-textual\" placeholder=\"Email\">\n\t\t\t\t\t\t\t\t\t\t\t<\/div>\n\t\t\t\t\t\t\t\t<div class=\"elementor-field-type-text elementor-field-group elementor-column elementor-field-group-field_f07bd66 elementor-col-100\">\n\t\t\t\t\t\t\t\t\t\t\t\t\t<input size=\"1\" type=\"text\" name=\"form_fields[field_f07bd66]\" id=\"form-field-field_f07bd66\" class=\"elementor-field elementor-size-md  elementor-field-textual\" placeholder=\"Tel\u00e9fono\">\n\t\t\t\t\t\t\t\t\t\t\t<\/div>\n\t\t\t\t\t\t\t\t<div class=\"elementor-field-type-select elementor-field-group elementor-column elementor-field-group-field_857f795 elementor-col-100 elementor-field-required\">\n\t\t\t\t\t\t\t<div class=\"elementor-field elementor-select-wrapper remove-before \">\n\t\t\t<div class=\"select-caret-down-wrapper\">\n\t\t\t\t<svg aria-hidden=\"true\" class=\"e-font-icon-svg e-eicon-caret-down\" viewBox=\"0 0 571.4 571.4\" xmlns=\"http:\/\/www.w3.org\/2000\/svg\"><path d=\"M571 393Q571 407 561 418L311 668Q300 679 286 679T261 668L11 418Q0 407 0 393T11 368 36 357H536Q550 357 561 368T571 393Z\"><\/path><\/svg>\t\t\t<\/div>\n\t\t\t<select name=\"form_fields[field_857f795]\" id=\"form-field-field_857f795\" class=\"elementor-field-textual elementor-size-md\" required=\"required\">\n\t\t\t\t\t\t\t\t\t<option value=\"Contrato de formaci\u00f3n en alternancia\">Contrato de formaci\u00f3n en alternancia<\/option>\n\t\t\t\t\t\t\t\t\t<option value=\"Agencia de Colocaci\u00f3n\">Agencia de Colocaci\u00f3n<\/option>\n\t\t\t\t\t\t\t\t\t<option value=\"Protocolo frente al acoso\">Protocolo frente al acoso<\/option>\n\t\t\t\t\t\t\t\t\t<option value=\"Software de control horario\">Software de control horario<\/option>\n\t\t\t\t\t\t\t\t\t<option value=\"Servicio de protecci\u00f3n de datos\">Servicio de protecci\u00f3n de datos<\/option>\n\t\t\t\t\t\t\t\t\t<option value=\"Formaci\u00f3n programada para empresas\">Formaci\u00f3n programada para empresas<\/option>\n\t\t\t\t\t\t\t<\/select>\n\t\t<\/div>\n\t\t\t\t\t\t<\/div>\n\t\t\t\t\t\t\t\t<div class=\"elementor-field-type-acceptance elementor-field-group elementor-column elementor-field-group-field_a74a5e6 elementor-col-100 elementor-field-required\">\n\t\t\t\t\t\t\t<div class=\"elementor-field-subgroup\">\n\t\t\t<span class=\"elementor-field-option\">\n\t\t\t\t<input type=\"checkbox\" name=\"form_fields[field_a74a5e6]\" id=\"form-field-field_a74a5e6\" class=\"elementor-field elementor-size-md  elementor-acceptance-field\" required=\"required\">\n\t\t\t\t<label for=\"form-field-field_a74a5e6\"><label style='color: #052855;'> Acepto los t\u00e9rminos de <a href=\"https:\/\/abire.es\/politica-de-privacidad\/\"  style=\"color:#99c6e1\">pol\u00edtica de privacidad<\/a><\/label> <label style='color: #052855;'>as\u00ed como la utilizaci\u00f3n de los datos para recibir novedades de la web.<\/label>\n\n<script>\n          jQuery(function(){\njQuery(\".ekit-mail-submit\").prop(\"disabled\", true);\njQuery(\".ekit-mail-submit\").css(\"background-color\", \"#9f9f9d\");\n jQuery(\".ekit-mail-submit\").css(\"cursor\", \"default\");\n               jQuery(\"#checkPriva\").click(function(){ \n                    if(jQuery(\"#checkPriva\").prop('checked')) {\n                         jQuery(\".ekit-mail-submit\").prop(\"disabled\", false);\n                        jQuery(\".ekit-mail-submit\").css(\"background-color\", \"#46b084\");\n                        jQuery(\".ekit-mail-submit\").css(\"cursor\", \"pointer\");\n                     }\n                     else {\n                         jQuery(\".ekit-mail-submit\").prop(\"disabled\", true);\n                        jQuery(\".ekit-mail-submit\").css(\"background-color\", \"#9f9f9d\");\n                        jQuery(\".ekit-mail-submit\").css(\"cursor\", \"default\");\n                     }\n               })\n          })\n<\/script><\/label>\t\t\t<\/span>\n\t\t<\/div>\n\t\t\t\t\t\t<\/div>\n\t\t\t\t\t\t\t\t<div class=\"elementor-field-group elementor-column elementor-field-type-submit elementor-col-100 e-form__buttons\">\n\t\t\t\t\t<button class=\"elementor-button elementor-size-md\" type=\"submit\">\n\t\t\t\t\t\t<span class=\"elementor-button-content-wrapper\">\n\t\t\t\t\t\t\t\t\t\t\t\t\t\t\t\t\t\t\t\t\t\t<span class=\"elementor-button-text\">ENVIAR<\/span>\n\t\t\t\t\t\t\t\t\t\t\t\t\t<\/span>\n\t\t\t\t\t<\/button>\n\t\t\t\t<\/div>\n\t\t\t<\/div>\n\t\t<\/form>\n\t\t\t\t\t\t<\/div>\n\t\t\t\t<\/div>\n\t\t\t\t\t<\/div>\n\t\t<\/div>\n\t\t\t\t\t<\/div>\n\t\t<\/section>\n\t\t\t\t<\/div>\n\t\t","protected":false},"excerpt":{"rendered":"<p>Contrato de formaci\u00f3n en alternancia Home Contrato de formaci\u00f3n en alternancia Ocupaciones Econ\u00f3mico Bonificaciones en Seguridad Social Sin esperas Alta e incorporaci\u00f3n inmediata Online Sin desplazamientos a centros presenciales Abire Formaci\u00f3n \u00bfQu\u00e9 es un contrato de formaci\u00f3n en alternancia? El Contrato de Formaci\u00f3n en Alternancia (CFA) es un contrato laboral de duraci\u00f3n determinada en el [&hellip;]<\/p>\n","protected":false},"author":1,"featured_media":0,"parent":0,"menu_order":0,"comment_status":"closed","ping_status":"closed","template":"","meta":{"footnotes":""},"class_list":["post-694","page","type-page","status-publish","hentry"],"_links":{"self":[{"href":"https:\/\/abire.es\/nuevaweb\/wp-json\/wp\/v2\/pages\/694","targetHints":{"allow":["GET"]}}],"collection":[{"href":"https:\/\/abire.es\/nuevaweb\/wp-json\/wp\/v2\/pages"}],"about":[{"href":"https:\/\/abire.es\/nuevaweb\/wp-json\/wp\/v2\/types\/page"}],"author":[{"embeddable":true,"href":"https:\/\/abire.es\/nuevaweb\/wp-json\/wp\/v2\/users\/1"}],"replies":[{"embeddable":true,"href":"https:\/\/abire.es\/nuevaweb\/wp-json\/wp\/v2\/comments?post=694"}],"version-history":[{"count":208,"href":"https:\/\/abire.es\/nuevaweb\/wp-json\/wp\/v2\/pages\/694\/revisions"}],"predecessor-version":[{"id":4195,"href":"https:\/\/abire.es\/nuevaweb\/wp-json\/wp\/v2\/pages\/694\/revisions\/4195"}],"wp:attachment":[{"href":"https:\/\/abire.es\/nuevaweb\/wp-json\/wp\/v2\/media?parent=694"}],"curies":[{"name":"wp","href":"https:\/\/api.w.org\/{rel}","templated":true}]}}